{"id":3315,"date":"2025-01-20T09:43:29","date_gmt":"2025-01-20T09:43:29","guid":{"rendered":"https:\/\/haidegabriele.ro\/gyerunk-egyutt-javitjuk-a-jovot-egy-holisztikus-projekttel-romaniaban\/"},"modified":"2025-08-08T09:02:49","modified_gmt":"2025-08-08T09:02:49","slug":"gyerunk-egyutt-javitjuk-a-jovot-egy-holisztikus-projekttel-romaniaban","status":"publish","type":"page","link":"https:\/\/haidegabriele.ro\/hu\/gyerunk-egyutt-javitjuk-a-jovot-egy-holisztikus-projekttel-romaniaban\/","title":{"rendered":"Gyer\u00fcnk: Egy\u00fctt Jav\u00edtjuk a J\u00f6v\u0151t egy Holisztikus Projekttel Rom\u00e1ni\u00e1ban"},"content":{"rendered":"\n\n\n<div id=\"ez-toc-container\" class=\"ez-toc-v2_0_82_2 counter-hierarchy ez-toc-counter ez-toc-grey ez-toc-container-direction\">\n<div class=\"ez-toc-title-container\">\n<p class=\"ez-toc-title\" style=\"cursor:inherit\">Table of Contents<\/p>\n<span class=\"ez-toc-title-toggle\"><a href=\"#\" class=\"ez-toc-pull-right ez-toc-btn ez-toc-btn-xs ez-toc-btn-default ez-toc-toggle\" aria-label=\"Toggle Table of Content\"><span class=\"ez-toc-js-icon-con\"><span class=\"\"><span class=\"eztoc-hide\" style=\"display:none;\">Toggle<\/span><span class=\"ez-toc-icon-toggle-span\"><svg style=\"fill: #999;color:#999\" xmlns=\"http:\/\/www.w3.org\/2000\/svg\" class=\"list-377408\" width=\"20px\" height=\"20px\" viewBox=\"0 0 24 24\" fill=\"none\"><path d=\"M6 6H4v2h2V6zm14 0H8v2h12V6zM4 11h2v2H4v-2zm16 0H8v2h12v-2zM4 16h2v2H4v-2zm16 0H8v2h12v-2z\" fill=\"currentColor\"><\/path><\/svg><svg style=\"fill: #999;color:#999\" class=\"arrow-unsorted-368013\" xmlns=\"http:\/\/www.w3.org\/2000\/svg\" width=\"10px\" height=\"10px\" viewBox=\"0 0 24 24\" version=\"1.2\" baseProfile=\"tiny\"><path d=\"M18.2 9.3l-6.2-6.3-6.2 6.3c-.2.2-.3.4-.3.7s.1.5.3.7c.2.2.4.3.7.3h11c.3 0 .5-.1.7-.3.2-.2.3-.5.3-.7s-.1-.5-.3-.7zM5.8 14.7l6.2 6.3 6.2-6.3c.2-.2.3-.5.3-.7s-.1-.5-.3-.7c-.2-.2-.4-.3-.7-.3h-11c-.3 0-.5.1-.7.3-.2.2-.3.5-.3.7s.1.5.3.7z\"\/><\/svg><\/span><\/span><\/span><\/a><\/span><\/div>\n<nav><ul class='ez-toc-list ez-toc-list-level-1 ' ><li class='ez-toc-page-1 ez-toc-heading-level-2'><a class=\"ez-toc-link ez-toc-heading-1\" href=\"https:\/\/haidegabriele.ro\/hu\/gyerunk-egyutt-javitjuk-a-jovot-egy-holisztikus-projekttel-romaniaban\/#Gyerunk_Egyutt_Javitjuk_a_Jovot\" >Gyer\u00fcnk: Egy\u00fctt Jav\u00edtjuk a J\u00f6v\u0151t<\/a><\/li><li class='ez-toc-page-1 ez-toc-heading-level-2'><a class=\"ez-toc-link ez-toc-heading-2\" href=\"https:\/\/haidegabriele.ro\/hu\/gyerunk-egyutt-javitjuk-a-jovot-egy-holisztikus-projekttel-romaniaban\/#Miert_Gyerunk\" >Mi\u00e9rt Gyer\u00fcnk?<\/a><ul class='ez-toc-list-level-3' ><li class='ez-toc-heading-level-3'><a class=\"ez-toc-link ez-toc-heading-3\" href=\"https:\/\/haidegabriele.ro\/hu\/gyerunk-egyutt-javitjuk-a-jovot-egy-holisztikus-projekttel-romaniaban\/#Gyerunk_integralt_romaniai_projekt_a_hihetetlen_joletert_%E2%80%93_Folyamatosan_Fejlodo_Megkozelites\" >Gyer\u00fcnk: integr\u00e1lt rom\u00e1niai projekt a hihetetlen j\u00f3l\u00e9t\u00e9rt \u2013 Folyamatosan Fejl\u0151d\u0151 Megk\u00f6zel\u00edt\u00e9s<\/a><\/li><\/ul><\/li><li class='ez-toc-page-1 ez-toc-heading-level-2'><a class=\"ez-toc-link ez-toc-heading-4\" href=\"https:\/\/haidegabriele.ro\/hu\/gyerunk-egyutt-javitjuk-a-jovot-egy-holisztikus-projekttel-romaniaban\/#Az_oszlopok_amelyekre_a_valtozast_epitjuk\" >Az oszlopok, amelyekre a v\u00e1ltoz\u00e1st \u00e9p\u00edtj\u00fck<\/a><ul class='ez-toc-list-level-3' ><li class='ez-toc-heading-level-3'><a class=\"ez-toc-link ez-toc-heading-5\" href=\"https:\/\/haidegabriele.ro\/hu\/gyerunk-egyutt-javitjuk-a-jovot-egy-holisztikus-projekttel-romaniaban\/#RADACINI_Kepzesi_Kozpont_%E2%80%93_Novekedes_a_Gyakorlatban_Valo_Tanulas_Reven\" >R.\u0102.D.\u0102.C.I.N.I. K\u00e9pz\u00e9si K\u00f6zpont \u2013 N\u00f6veked\u00e9s a Gyakorlatban Val\u00f3 Tanul\u00e1s R\u00e9ven<\/a><\/li><li class='ez-toc-page-1 ez-toc-heading-level-3'><a class=\"ez-toc-link ez-toc-heading-6\" href=\"https:\/\/haidegabriele.ro\/hu\/gyerunk-egyutt-javitjuk-a-jovot-egy-holisztikus-projekttel-romaniaban\/#WorkValue_Rendszer_%E2%80%93_Atlathatosag_es_Szervezeti_Befogadas\" >WorkValue Rendszer \u2013 \u00c1tl\u00e1that\u00f3s\u00e1g \u00e9s Szervezeti Befogad\u00e1s<\/a><\/li><\/ul><\/li><li class='ez-toc-page-1 ez-toc-heading-level-2'><a class=\"ez-toc-link ez-toc-heading-7\" href=\"https:\/\/haidegabriele.ro\/hu\/gyerunk-egyutt-javitjuk-a-jovot-egy-holisztikus-projekttel-romaniaban\/#Integralt_Valasz_Szilagy_Megye_Szuksegleteire\" >Integr\u00e1lt V\u00e1lasz Szil\u00e1gy Megye Sz\u00fcks\u00e9gleteire<\/a><\/li><li class='ez-toc-page-1 ez-toc-heading-level-2'><a class=\"ez-toc-link ez-toc-heading-8\" href=\"https:\/\/haidegabriele.ro\/hu\/gyerunk-egyutt-javitjuk-a-jovot-egy-holisztikus-projekttel-romaniaban\/#Elkotelezettsegunk_a_jovo_irant\" >Elk\u00f6telezetts\u00e9g\u00fcnk a j\u00f6v\u0151 ir\u00e1nt<\/a><\/li><\/ul><\/nav><\/div>\n<h2><span class=\"ez-toc-section\" id=\"Gyerunk_Egyutt_Javitjuk_a_Jovot\"><\/span><span id=\"bppb-heading-anchor-1\"><\/span>Gyer\u00fcnk: Egy\u00fctt Jav\u00edtjuk a J\u00f6v\u0151t<span class=\"ez-toc-section-end\"><\/span><\/h2>\n\n<b>Gyer\u00fcnk: holisztikus projekt Rom\u00e1ni\u00e1ban a hihetetlen j\u00f3l\u00e9t\u00e9rt<\/b> \u2013 ez az a vez\u00e9relv, amely arra \u00f6szt\u00f6n\u00f6z minket, hogy folyamatosan fejl\u0151dj\u00fcnk. A Gyer\u00fcnk a Haide Gabriele Egyes\u00fclet! k\u00f6zponti eleme, \u00e9s a gondoskod\u00e1s \u00e9s a t\u00e1rsadalmi befogad\u00e1s modellj\u00e9t k\u00e9pviseli, amelyet a Szil\u00e1gy megyei kih\u00edv\u00e1sok innov\u00e1ci\u00f3val, gondoskod\u00e1ssal \u00e9s minden ember tisztelet\u00e9vel val\u00f3 kezel\u00e9s\u00e9re terveztek. Lehet\u0151s\u00e9geket teremt\u00fcnk mindenki sz\u00e1m\u00e1ra, \u00e9s sokak sz\u00e1m\u00e1ra a rem\u00e9ny vil\u00e1g\u00edt\u00f3tornya vagyunk.\n\n\n\n<h2><span class=\"ez-toc-section\" id=\"Miert_Gyerunk\"><\/span><span id=\"bppb-heading-anchor-2\"><\/span>Mi\u00e9rt Gyer\u00fcnk?<span class=\"ez-toc-section-end\"><\/span><\/h2><br><br>\n\n\n\n\n\n\nA &#8222;Gyer\u00fcnk&#8221; egy magyar sz\u00f3, amely azt jelenti, &#8222;Menj\u00fcnk!&#8221;. De sz\u00e1munkra sokkal t\u00f6bb, mint egy egyszer\u0171 felh\u00edv\u00e1s a mozg\u00e1sra vagy a halad\u00e1sra.\n\n\nA &#8222;Gyer\u00fcnk&#8221; az a sz\u00f3, amit a fiam, G\u00e1briel f\u00fcl\u00e9be s\u00fagtam a betegs\u00e9ge alatt, arra b\u00e1tor\u00edtva, hogy ne adja fel, higgyen az \u00e9let erej\u00e9ben, \u00e9s harcoljon a v\u00e9gs\u0151 c\u00e9l, a gy\u00f3gyul\u00e1s el\u00e9r\u00e9s\u00e9\u00e9rt.\n\n\nA &#8222;Gyer\u00fcnk&#8221; volt a csataki\u00e1lt\u00e1sunk, egyfajta \u201eGyer\u00fcnk, meg tudjuk csin\u00e1lni! Visszakaphatjuk az \u00e9let\u00fcnket!\u201d\n\n\nMa a &#8222;Gyer\u00fcnk&#8221; a projekt\u00fcnk neve, egy olyan projekt, amely a rem\u00e9ny, a rugalmass\u00e1g \u00e9s az emberi szellem erej\u00e9nek himnusza k\u00edv\u00e1n lenni. A Gyer\u00fcnk: holisztikus projekt Rom\u00e1ni\u00e1ban egy cselekv\u00e9sre val\u00f3 felh\u00edv\u00e1s mindannyiunk sz\u00e1m\u00e1ra.\n\n\nA &#8222;Gyer\u00fcnk&#8221; egy felh\u00edv\u00e1s, hogy csatlakozzon hozz\u00e1nk, vegyen r\u00e9szt akt\u00edvan a projektben, \u00e9s j\u00e1ruljon hozz\u00e1 egy befogad\u00f3 \u00e9s j\u00f3l\u00e9ti j\u00f6v\u0151 \u00e9p\u00edt\u00e9s\u00e9hez mindenki sz\u00e1m\u00e1ra. A Gyer\u00fcnk: holisztikus projekt Rom\u00e1ni\u00e1ban ir\u00e1nti elk\u00f6telezetts\u00e9g\u00fcnk c\u00e9lja az emberek \u00e9let\u00e9nek jav\u00edt\u00e1sa, \u00e9s minden l\u00e9p\u00e9s\u00fcnk a j\u00f6v\u0151t szem el\u0151tt tartva t\u00f6rt\u00e9nik.\n\n\n\n\n<p>Lorem Ipsum has been the industry&#8217;s standard dummy text ever since the 1500s.<\/p><br>\n\n\n\n\n\n\n<h3><span class=\"ez-toc-section\" id=\"Gyerunk_integralt_romaniai_projekt_a_hihetetlen_joletert_%E2%80%93_Folyamatosan_Fejlodo_Megkozelites\"><\/span><span id=\"bppb-heading-anchor-3\"><\/span>Gyer\u00fcnk: integr\u00e1lt rom\u00e1niai projekt a hihetetlen j\u00f3l\u00e9t\u00e9rt \u2013 Folyamatosan Fejl\u0151d\u0151 Megk\u00f6zel\u00edt\u00e9s<span class=\"ez-toc-section-end\"><\/span><\/h3>\n\n\nA &#8222;Gyer\u00fcnk&#8221; egy felh\u00edv\u00e1s, hogy csatlakozzon hozz\u00e1nk, vegyen r\u00e9szt akt\u00edvan a projektben, \u00e9s j\u00e1ruljon hozz\u00e1 egy befogad\u00f3 \u00e9s j\u00f3l\u00e9ti j\u00f6v\u0151 \u00e9p\u00edt\u00e9s\u00e9hez mindenki sz\u00e1m\u00e1ra. <strong>A Gyer\u00fcnk: holisztikus projekt Rom\u00e1ni\u00e1ban<\/strong> ir\u00e1nti elk\u00f6telezetts\u00e9g\u00fcnk c\u00e9lja az emberek \u00e9let\u00e9nek jav\u00edt\u00e1sa, \u00e9s minden l\u00e9p\u00e9s\u00fcnk a j\u00f6v\u0151t szem el\u0151tt tartva t\u00f6rt\u00e9nik.\n\n\n<strong>Meghallgatjuk a K\u00f6z\u00f6ss\u00e9get:<\/strong> A felhaszn\u00e1l\u00f3i visszajelz\u00e9sek jelentik a mindennapi fejleszt\u00e9seink \u00e9ltet\u0151 elem\u00e9t.\n\n\n<strong>Folyamatos Innov\u00e1ci\u00f3 \u00e9s K\u00e9pz\u00e9s:<\/strong> \u00daj technol\u00f3gi\u00e1kba \u00e9s k\u00e9pz\u00e9si folyamatokba fektet\u00fcnk be, hogy n\u00f6velj\u00fck a hat\u00e1sunkat.\n\n\n<p><\/p><ul><li><strong>\u00c1tl\u00e1that\u00f3s\u00e1g \u00e9s r\u00e9szv\u00e9tel:<\/strong> A WorkValue modell\u00fcnkkel minden folyamatot nyomon k\u00f6vet\u00fcnk, hogy biztos\u00edtsuk a m\u00e9lt\u00e1nyos \u00e9s megosztott ir\u00e1ny\u00edt\u00e1st<\/li><\/ul><p><\/p>\n\n\n\n\n\n\n<h2><span class=\"ez-toc-section\" id=\"Az_oszlopok_amelyekre_a_valtozast_epitjuk\"><\/span><span id=\"bppb-heading-anchor-4\"><\/span>Az oszlopok, amelyekre a v\u00e1ltoz\u00e1st \u00e9p\u00edtj\u00fck<span class=\"ez-toc-section-end\"><\/span><\/h2>\n\n\n<p><b>Gyer\u00fcnk: holisztikus projekt Rom\u00e1ni\u00e1ban<\/b> n\u00e9gy alapvet\u0151 pill\u00e9rre \u00e9p\u00fcl, amelyek szinergi\u00e1ban m\u0171k\u00f6dnek a glob\u00e1lis seg\u00edts\u00e9gny\u00fajt\u00e1s \u00e9rdek\u00e9ben. A Gyer\u00fcnkben minden hangot meghallgatnak \u00e9s megbecs\u00fclnek.<\/p>\n\n\n\n\n\n\n<h3><span id=\"bppb-heading-anchor-5\"><\/span><\/h3>\n\n\n<p>Az Ibolya K\u00f6zpont a mi k\u00f6z\u00f6ss\u00e9gi otthonunk, ahol minden beavatkoz\u00e1s a szem\u00e9lyre szabott orvosi, \u00e1pol\u00e1si \u00e9s rehabilit\u00e1ci\u00f3s seg\u00edts\u00e9gny\u00fajt\u00e1s biztos\u00edt\u00e1s\u00e1ra szolg\u00e1l. A Gyer\u00fcnk: holisztikus projekt Rom\u00e1ni\u00e1ban a hihetetlen j\u00f3l\u00e9t\u00e9rt abban nyilv\u00e1nul meg, ahogyan az Ibolya k\u00f6zpont a szem\u00e9lyt a teljess\u00e9g\u00e9ben fogadja, olyan gondoskod\u00e1st ny\u00fajtva, amely t\u00falmutat a t\u00fcnetek puszta kezel\u00e9s\u00e9n. A Gyer\u00fcnk: holisztikus projekt Rom\u00e1ni\u00e1ban seg\u00edts\u00e9g\u00e9vel k\u00f6zvetlen\u00fcl egy\u00fctt n\u00e9zhet\u00fcnk szembe a kih\u00edv\u00e1sokkal.<\/p>\n\n\n<p>A Gyer\u00fcnk: integr\u00e1lt rom\u00e1niai projekt a hihetetlen j\u00f3l\u00e9t\u00e9rt abban nyilv\u00e1nul meg, ahogyan az Ibolya k\u00f6zpont a szem\u00e9lyt a teljess\u00e9g\u00e9ben fogadja, olyan gondoskod\u00e1st ny\u00fajtva, amely t\u00falmutat a t\u00fcnetek puszta kezel\u00e9s\u00e9n.<\/p>\n\n\n<p><\/p><ul><li><a href=\"https:\/\/haidegabriele.ro\/gyerunk-holisztikus-projekt-romania\/szocialis-befogadas-ibolya-romania\/\">Tudjon meg t\u00f6bbet az Ibolya K\u00f6zpontr\u00f3l<\/a><\/li><\/ul><p><\/p>\n\n\n\n<h3><span id=\"bppb-heading-anchor-6\"><\/span><\/h3>\n\n\n<p>A S.\u0102.L.V.I.E. Szoci\u00e1lis Farmunk a l\u00fcktet\u0151 sz\u00edv, ahol a szoci\u00e1lis mez\u0151gazdas\u00e1g a n\u00f6veked\u00e9s \u00e9s a befogad\u00e1s eszk\u00f6z\u00e9v\u00e9 v\u00e1lik. A S.\u0102.L.V.I.E. a Gyer\u00fcnk: holisztikus projekt Rom\u00e1ni\u00e1ban a hihetetlen j\u00f3l\u00e9t\u00e9rt eredm\u00e9ny\u00e9t testes\u00edti meg, \u00f6tv\u00f6zve a biogazd\u00e1lkod\u00e1si gyakorlatokat \u00e9s a munkahelyi beilleszked\u00e9st seg\u00edt\u0151 k\u00e9pz\u00e9si programokat.<p>\n\n\nA S.\u0102.L.V.I.E. Szoci\u00e1lis Farmunk a l\u00fcktet\u0151 sz\u00edv, ahol a szoci\u00e1lis mez\u0151gazdas\u00e1g a n\u00f6veked\u00e9s \u00e9s a befogad\u00e1s eszk\u00f6z\u00e9v\u00e9 v\u00e1lik. A S.\u0102.L.V.I.E. a Gyer\u00fcnk: holisztikus projekt Rom\u00e1ni\u00e1ban a hihetetlen j\u00f3l\u00e9t\u00e9rt eredm\u00e9ny\u00e9t testes\u00edti meg, \u00f6tv\u00f6zve a biogazd\u00e1lkod\u00e1si gyakorlatokat \u00e9s a munkahelyi beilleszked\u00e9st seg\u00edt\u0151 k\u00e9pz\u00e9si programokat.\n\n\n<p><\/p><ul><li><a href=\"https:\/\/haidegabriele.ro\/gyerunk-holisztikus-projekt-romania\/salvie-szocialis-farm\/\">Tudjon meg t\u00f6bbet a S.\u0102.L.V.I.E. Szoci\u00e1lis Farmr\u00f3l<\/a><\/li><\/ul><p><\/p>\n\n\n\n<h3><span class=\"ez-toc-section\" id=\"RADACINI_Kepzesi_Kozpont_%E2%80%93_Novekedes_a_Gyakorlatban_Valo_Tanulas_Reven\"><\/span><span id=\"bppb-heading-anchor-7\"><\/span>R.\u0102.D.\u0102.C.I.N.I. K\u00e9pz\u00e9si K\u00f6zpont \u2013 N\u00f6veked\u00e9s a Gyakorlatban Val\u00f3 Tanul\u00e1s R\u00e9ven<span class=\"ez-toc-section-end\"><\/span><\/h3>\n\n\n<br><br>\n\n\n<p>A R.\u0102.D.\u0102.C.I.N.I. K\u00e9pz\u00e9si K\u00f6zpont az a t\u00e9r, ahol a k\u00e9pz\u00e9s k\u00e9zzelfoghat\u00f3 \u00e9lm\u00e9nny\u00e9 v\u00e1lik. A Gyer\u00fcnk: holisztikus projekt Rom\u00e1ni\u00e1ban a hihetetlen j\u00f3l\u00e9t\u00e9rt v\u00edzi\u00f3ja r\u00e9v\u00e9n olyan k\u00e9pz\u00e9si programokat ind\u00edtunk, amelyek lehet\u0151v\u00e9 teszik az egy\u00e9nek sz\u00e1m\u00e1ra, hogy visszanyerj\u00e9k f\u00fcggetlens\u00e9g\u00fcket, \u00e9s akt\u00edvan beilleszkedjenek a munka vil\u00e1g\u00e1ba.<\/p>\n\n\n<p><\/p><ul><li><a href=\"https:\/\/haidegabriele.ro\/a-kepzes-a-gyerunk-projekt-dobogo-szive\/\">Fedezze fel a R.\u0102.D.\u0102.CINI K\u00e9pz\u00e9si K\u00f6zpontot<\/a><\/li><\/ul><p><\/p>\n\n\n\n\n\n<h3><span class=\"ez-toc-section\" id=\"WorkValue_Rendszer_%E2%80%93_Atlathatosag_es_Szervezeti_Befogadas\"><\/span><span id=\"bppb-heading-anchor-8\"><\/span>WorkValue Rendszer \u2013 \u00c1tl\u00e1that\u00f3s\u00e1g \u00e9s Szervezeti Befogad\u00e1s<span class=\"ez-toc-section-end\"><\/span><\/h3>\n\n\n<br><br>\n\n\n<p>A WorkValue Rendszer a mi ir\u00e1ny\u00edt\u00e1si modell\u00fcnk, amely a m\u00e9lt\u00e1nyoss\u00e1got helyezi a k\u00f6z\u00e9ppontba. A Gyer\u00fcnk: holisztikus projekt Rom\u00e1ni\u00e1ban a hihetetlen j\u00f3l\u00e9t\u00e9rt szellem\u00e9ben a WorkValue garant\u00e1lja az er\u0151forr\u00e1sok \u00e1tl\u00e1that\u00f3 kezel\u00e9s\u00e9t, el\u0151seg\u00edtve a kedvezm\u00e9nyezettek \u00e9s a munkat\u00e1rsak akt\u00edv r\u00e9szv\u00e9tel\u00e9t.<\/p>\n\n\n<p><\/p><ul><li><a href=\"https:\/\/haidegabriele.ro\/wise-tarsadalmi-es-munkavallalasi-befogadas\/\">Fedezze fel a WorkValue Rendszert<\/a><\/li><\/ul><p><\/p>\n\n\n\n\n<h2><span class=\"ez-toc-section\" id=\"Integralt_Valasz_Szilagy_Megye_Szuksegleteire\"><\/span><span id=\"bppb-heading-anchor-9\"><\/span>Integr\u00e1lt V\u00e1lasz Szil\u00e1gy Megye Sz\u00fcks\u00e9gleteire<span class=\"ez-toc-section-end\"><\/span><\/h2>\n\n\n<p>Szil\u00e1gy megye jelent\u0151s kih\u00edv\u00e1sokkal n\u00e9z szembe: demogr\u00e1fiai hanyatl\u00e1s, eg\u00e9szs\u00e9g\u00fcgyi szolg\u00e1ltat\u00e1sok hi\u00e1nya \u00e9s az ell\u00e1t\u00e1shoz val\u00f3 hozz\u00e1f\u00e9r\u00e9s egyenl\u0151tlens\u00e9gei. A **Gyer\u00fcnk: holisztikus projekt Rom\u00e1ni\u00e1ban a hihetetlen j\u00f3l\u00e9t\u00e9rt** a k\u00f6vetkez\u0151 m\u00f3dokon reag\u00e1l ezekre a sz\u00fcks\u00e9gletekre:<\/p>\n\n\n<p><\/p><ul><li><strong>Befogad\u00e1s \u00e9s K\u00e9pz\u00e9s:<\/strong> K\u00e9pz\u00e9si programok \u00e9s munkalehet\u0151s\u00e9gek biztos\u00edt\u00e1sa minden egy\u00e9n \u00e9rt\u00e9k\u00e9nek n\u00f6vel\u00e9se \u00e9rdek\u00e9ben.<\/li><\/ul><p><\/p>\n\n\n<p><\/p><ul><li><strong>Szem\u00e9lyre szabott \u00e9s ter\u00fcleti seg\u00edts\u00e9gny\u00fajt\u00e1s:<\/strong> Olyan modell l\u00e9trehoz\u00e1sa, amelyben a gondoz\u00e1s szem\u00e9lyre szabott \u00e9s a ter\u00fclet specifikus ig\u00e9nyeire \u00e9p\u00fcl.<\/li><\/ul><p><\/p>\n\n\n<p><\/p><ul><li><strong>A Ter\u00fclet \u00c9rt\u00e9kel\u00e9se:<\/strong> Innovat\u00edv megold\u00e1sok n\u00e9pszer\u0171s\u00edt\u00e9se a vid\u00e9ki ter\u00fcletek t\u00e1rsadalmi \u00e9s gazdas\u00e1gi fejl\u0151d\u00e9s\u00e9\u00e9rt.<\/li><\/ul><p><\/p>\n\n\n\n\n<h2><span class=\"ez-toc-section\" id=\"Elkotelezettsegunk_a_jovo_irant\"><\/span><span id=\"bppb-heading-anchor-10\"><\/span>Elk\u00f6telezetts\u00e9g\u00fcnk a j\u00f6v\u0151 ir\u00e1nt<span class=\"ez-toc-section-end\"><\/span><\/h2>\n\n\n<p>Elk\u00f6telezetts\u00e9g\u00fcnk a folyamatos fejl\u0151d\u00e9s, hogy a **Gyer\u00fcnk: holisztikus projekt Rom\u00e1ni\u00e1ban** a szoci\u00e1lis seg\u00edts\u00e9gny\u00fajt\u00e1s \u00e9s a teljes k\u00f6r\u0171 gondoz\u00e1s referenciapontj\u00e1v\u00e1 v\u00e1ljon. A **Gyer\u00fcnk: holisztikus projekt Rom\u00e1ni\u00e1ban** j\u00f6v\u0151je mindannyiunkon m\u00falik. Egy\u00fctt, k\u00e9pesek vagyunk:<\/p>\n\n\n<p><\/p><ul><li>\u00daj technol\u00f3gi\u00e1k \u00e9s m\u00f3dszerek bevezet\u00e9se a szolg\u00e1ltat\u00e1saink er\u0151s\u00edt\u00e9s\u00e9re.<\/li><\/ul><p><\/p>\n\n\n<p><\/p><ul><li>K\u00e9pz\u00e9si \u00e9s gondoz\u00e1si k\u00edn\u00e1latunk b\u0151v\u00edt\u00e9se.<\/li><\/ul><p><\/p>\n\n\n<p><\/p><ul><li>Tov\u00e1bbi befogad\u00e1si \u00e9s munkalehet\u0151s\u00e9gek teremt\u00e9se a kiszolg\u00e1ltatott helyzet\u0171 emberek sz\u00e1m\u00e1ra.<\/li><\/ul><p><\/p>\n\n\n\n\n\n\n<p><strong><a href=\"https:\/\/haidegabriele.ro\/gyerunk-legyel-onkentes\/\">Csatlakozz Hozz\u00e1nk!<\/a><\/strong>&nbsp; &nbsp;<br>Ha hiszel a befogad\u00e1s \u00e9s a j\u00f3l\u00e9t j\u00f6v\u0151j\u00e9ben, csatlakozz a <strong>Gyer\u00fcnk projekthez<\/strong>, \u00e9s v\u00e1lj r\u00e9sz\u00e9v\u00e9 ennek a mozgalomnak. Meggy\u0151z\u0151d\u00e9s\u00fcnk, hogy a <strong>Gyer\u00fcnk: holisztikus projekt Rom\u00e1ni\u00e1ban<\/strong> v\u00e1ltoz\u00e1st hozhat. <strong><a href=\"https:\/\/haidegabriele.ro\/tamogass-minket\/\" data-type=\"link\" data-id=\"https:\/\/haidegabriele.ro\/tamogass-minket\/\" target=\"_blank\" rel=\"noreferrer noopener\">Minden kis hozz\u00e1j\u00e1rul\u00e1ssal<\/a><\/strong> egy\u00fctt tov\u00e1bb jav\u00edthatjuk integr\u00e1lt modell\u00fcnket, jobb j\u00f6v\u0151t \u00e9p\u00edtve Szil\u00e1gy megye k\u00f6z\u00f6ss\u00e9ge sz\u00e1m\u00e1ra<br>A <strong>Gyer\u00fcnk: holisztikus projekt Rom\u00e1ni\u00e1ban<\/strong> seg\u00edts\u00e9g\u00e9vel egy jobb holnap\u00e9rt dolgozunk.<\/p>\n\n\n\n\n<a href=\"https:\/\/mmuncii.ro\/\" target=\"_blank\" rel=\"noopener\">Rom\u00e1nia Munka\u00fcgyi \u00e9s Szoci\u00e1lis V\u00e9delmi Miniszt\u00e9riuma<\/a>\n\n\n\n\n\n<a href=\"https:\/\/mmuncii.ro\/\" target=\"_blank\" rel=\"noopener\">Rom\u00e1nia Munka\u00fcgyi \u00e9s Szoci\u00e1lis V\u00e9delmi Miniszt\u00e9riuma<\/a\n\n\n<a href=\"https:\/\/www.ms.ro\/\" target=\"_blank\" rel=\"noopener\">Eg\u00e9szs\u00e9g\u00fcgyi Miniszt\u00e9rium<\/a>\n\n\n","protected":false},"excerpt":{"rendered":"","protected":false},"author":2,"featured_media":0,"parent":0,"menu_order":0,"comment_status":"closed","ping_status":"closed","template":"","meta":{"pagelayer_contact_templates":[],"_pagelayer_content":"","footnotes":""},"class_list":["post-3315","page","type-page","status-publish","hentry"],"_links":{"self":[{"href":"https:\/\/haidegabriele.ro\/hu\/wp-json\/wp\/v2\/pages\/3315","targetHints":{"allow":["GET"]}}],"collection":[{"href":"https:\/\/haidegabriele.ro\/hu\/wp-json\/wp\/v2\/pages"}],"about":[{"href":"https:\/\/haidegabriele.ro\/hu\/wp-json\/wp\/v2\/types\/page"}],"author":[{"embeddable":true,"href":"https:\/\/haidegabriele.ro\/hu\/wp-json\/wp\/v2\/users\/2"}],"replies":[{"embeddable":true,"href":"https:\/\/haidegabriele.ro\/hu\/wp-json\/wp\/v2\/comments?post=3315"}],"version-history":[{"count":1,"href":"https:\/\/haidegabriele.ro\/hu\/wp-json\/wp\/v2\/pages\/3315\/revisions"}],"predecessor-version":[{"id":3316,"href":"https:\/\/haidegabriele.ro\/hu\/wp-json\/wp\/v2\/pages\/3315\/revisions\/3316"}],"wp:attachment":[{"href":"https:\/\/haidegabriele.ro\/hu\/wp-json\/wp\/v2\/media?parent=3315"}],"curies":[{"name":"wp","href":"https:\/\/api.w.org\/{rel}","templated":true}]}}