{"id":3363,"date":"2025-02-04T12:20:34","date_gmt":"2025-02-04T12:20:34","guid":{"rendered":"https:\/\/haidegabriele.ro\/asociatia-haide-gabriele-mission-e-valori\/"},"modified":"2025-08-09T14:05:29","modified_gmt":"2025-08-09T14:05:29","slug":"asociatia-haide-gabriele-mission-e-valori","status":"publish","type":"page","link":"https:\/\/haidegabriele.ro\/hu\/asociatia-haide-gabriele-mission-e-valori\/","title":{"rendered":"K\u00fcldet\u00e9s"},"content":{"rendered":"\n\n\n\n\n<div id=\"ez-toc-container\" class=\"ez-toc-v2_0_82_2 counter-hierarchy ez-toc-counter ez-toc-grey ez-toc-container-direction\">\n<div class=\"ez-toc-title-container\">\n<p class=\"ez-toc-title\" style=\"cursor:inherit\">Table of Contents<\/p>\n<span class=\"ez-toc-title-toggle\"><a href=\"#\" class=\"ez-toc-pull-right ez-toc-btn ez-toc-btn-xs ez-toc-btn-default ez-toc-toggle\" aria-label=\"Toggle Table of Content\"><span class=\"ez-toc-js-icon-con\"><span class=\"\"><span class=\"eztoc-hide\" style=\"display:none;\">Toggle<\/span><span class=\"ez-toc-icon-toggle-span\"><svg style=\"fill: #999;color:#999\" xmlns=\"http:\/\/www.w3.org\/2000\/svg\" class=\"list-377408\" width=\"20px\" height=\"20px\" viewBox=\"0 0 24 24\" fill=\"none\"><path d=\"M6 6H4v2h2V6zm14 0H8v2h12V6zM4 11h2v2H4v-2zm16 0H8v2h12v-2zM4 16h2v2H4v-2zm16 0H8v2h12v-2z\" fill=\"currentColor\"><\/path><\/svg><svg style=\"fill: #999;color:#999\" class=\"arrow-unsorted-368013\" xmlns=\"http:\/\/www.w3.org\/2000\/svg\" width=\"10px\" height=\"10px\" viewBox=\"0 0 24 24\" version=\"1.2\" baseProfile=\"tiny\"><path d=\"M18.2 9.3l-6.2-6.3-6.2 6.3c-.2.2-.3.4-.3.7s.1.5.3.7c.2.2.4.3.7.3h11c.3 0 .5-.1.7-.3.2-.2.3-.5.3-.7s-.1-.5-.3-.7zM5.8 14.7l6.2 6.3 6.2-6.3c.2-.2.3-.5.3-.7s-.1-.5-.3-.7c-.2-.2-.4-.3-.7-.3h-11c-.3 0-.5.1-.7.3-.2.2-.3.5-.3.7s.1.5.3.7z\"\/><\/svg><\/span><\/span><\/span><\/a><\/span><\/div>\n<nav><ul class='ez-toc-list ez-toc-list-level-1 ' ><li class='ez-toc-page-1 ez-toc-heading-level-1'><a class=\"ez-toc-link ez-toc-heading-1\" href=\"https:\/\/haidegabriele.ro\/hu\/asociatia-haide-gabriele-mission-e-valori\/#Kuldetesunk_Hatas_innovacio_es_tarsadalmi_ertek\" >K\u00fcldet\u00e9s\u00fcnk: Hat\u00e1s, innov\u00e1ci\u00f3 \u00e9s t\u00e1rsadalmi \u00e9rt\u00e9k<\/a><ul class='ez-toc-list-level-3' ><li class='ez-toc-heading-level-3'><ul class='ez-toc-list-level-3' ><li class='ez-toc-heading-level-3'><a class=\"ez-toc-link ez-toc-heading-2\" href=\"https:\/\/haidegabriele.ro\/hu\/asociatia-haide-gabriele-mission-e-valori\/#Kuldetes_Szocialis_Szolgaltatasok_Kepzes_es_Innovacio_a_Teruletert\" >K\u00fcldet\u00e9s: Szoci\u00e1lis Szolg\u00e1ltat\u00e1sok, K\u00e9pz\u00e9s \u00e9s Innov\u00e1ci\u00f3 a Ter\u00fclet\u00e9rt<\/a><\/li><li class='ez-toc-page-1 ez-toc-heading-level-3'><a class=\"ez-toc-link ez-toc-heading-3\" href=\"https:\/\/haidegabriele.ro\/hu\/asociatia-haide-gabriele-mission-e-valori\/#Ertekek_Etika_Felelosseg_Szolidaritas_es_Innovacio\" >\u00c9rt\u00e9kek: Etika, Felel\u0151ss\u00e9g, Szolidarit\u00e1s \u00e9s Innov\u00e1ci\u00f3<\/a><\/li><li class='ez-toc-page-1 ez-toc-heading-level-3'><a class=\"ez-toc-link ez-toc-heading-4\" href=\"https:\/\/haidegabriele.ro\/hu\/asociatia-haide-gabriele-mission-e-valori\/#Kozos_Elkotelezettseg_a_Jovo_Epiteseert\" >K\u00f6z\u00f6s Elk\u00f6telezetts\u00e9g a J\u00f6v\u0151 \u00c9p\u00edt\u00e9s\u00e9\u00e9rt<\/a><\/li><\/ul><\/li><\/ul><\/li><\/ul><\/nav><\/div>\n<h1><span class=\"ez-toc-section\" id=\"Kuldetesunk_Hatas_innovacio_es_tarsadalmi_ertek\"><\/span>K\u00fcldet\u00e9s\u00fcnk: Hat\u00e1s, innov\u00e1ci\u00f3 \u00e9s t\u00e1rsadalmi \u00e9rt\u00e9k<span class=\"ez-toc-section-end\"><\/span><\/h1><br>\n\n\n\n\n\n<p>Az Asocia\u021bia Haide Gabriele a t\u00e1rsadalmi, kultur\u00e1lis \u00e9s k\u00f6rnyezeti v\u00e1ltoz\u00e1sok kataliz\u00e1torak\u00e9nt l\u00e9p fel ter\u00fclet\u00fcnk\u00f6n. K\u00fcldet\u00e9s\u00fcnk egy befogad\u00f3, fenntarthat\u00f3 \u00e9s innovat\u00edv k\u00f6z\u00f6ss\u00e9g fel\u00e9p\u00edt\u00e9se, amely k\u00e9pes a kih\u00edv\u00e1sokat a n\u00f6veked\u00e9s \u00e9s a k\u00f6z\u00f6s j\u00f3l\u00e9t lehet\u0151s\u00e9g\u00e9v\u00e9 alak\u00edtani. Teljes tev\u00e9kenys\u00e9g\u00fcnket a <strong>Haide Gabriele k\u00fcldet\u00e9se \u00e9s \u00e9rt\u00e9kei<\/strong> vez\u00e9rlik, amelyek minden projektben \u00e9s kezdem\u00e9nyez\u00e9sben megmutatkoznak.<\/p>\n\n\n\n\n\n\n\n<h3><span class=\"ez-toc-section\" id=\"Kuldetes_Szocialis_Szolgaltatasok_Kepzes_es_Innovacio_a_Teruletert\"><\/span>K\u00fcldet\u00e9s: Szoci\u00e1lis Szolg\u00e1ltat\u00e1sok, K\u00e9pz\u00e9s \u00e9s Innov\u00e1ci\u00f3 a Ter\u00fclet\u00e9rt<span class=\"ez-toc-section-end\"><\/span><\/h3>\n\n\n\nK\u00fcldet\u00e9s\u00fcnk konkr\u00e9t tettekk\u00e9 v\u00e1lik, amelyek c\u00e9lja:\n\n\n\n<p><strong>Az \u00c9letmin\u0151s\u00e9g Jav\u00edt\u00e1sa:<\/strong> Integr\u00e1lt szoci\u00e1lis szolg\u00e1ltat\u00e1sok sz\u00e9les sk\u00e1l\u00e1j\u00e1t k\u00edn\u00e1ljuk\u2014mint p\u00e9ld\u00e1ul a hospice \u00e9s az Ibolya K\u00f6zpont \u00e1ltal ny\u00fajtott LTC programok\u2014amelyek folyamatos seg\u00edts\u00e9get \u00e9s t\u00e1mogat\u00e1st ny\u00fajtanak a s\u00e9r\u00fcl\u00e9keny helyzetben l\u00e9v\u0151 embereknek, tiszteletben tartva minden egy\u00e9n m\u00e9lt\u00f3s\u00e1g\u00e1t.<\/p><br>\n\n\n\n<p><strong>A T\u00e1rsadalmi Fejl\u0151d\u00e9s \u00e9s Innov\u00e1ci\u00f3 El\u0151mozd\u00edt\u00e1sa:<\/strong> Hossz\u00fa t\u00e1v\u00fa hat\u00e1s\u00fa beavatkoz\u00e1sokat hozunk l\u00e9tre, \u00f6szt\u00f6n\u00f6zve az akt\u00edv r\u00e9szv\u00e9telt \u00e9s a kollekt\u00edv egy\u00fcttm\u0171k\u00f6d\u00e9st. A k\u00e9pz\u00e9si folyamatok innov\u00e1ci\u00f3j\u00e1t\u00f3l az eg\u00e9szs\u00e9g\u00fcgyi \u00e9s j\u00f3l\u00e9ti szolg\u00e1ltat\u00e1sokig minden kezdem\u00e9nyez\u00e9s c\u00e9lja a t\u00e1rsadalmi sz\u00f6vet \u00e1talak\u00edt\u00e1sa.<\/p>\n\n\n\n<p><strong>Integr\u00e1lt Gondoz\u00e1si \u00e9s K\u00e9pz\u00e9si Rendszerek \u00c9p\u00edt\u00e9se:<\/strong> Multidiszciplin\u00e1ris k\u00e9pz\u00e9si k\u00edn\u00e1latunk, amely a technikai k\u00e9pz\u00e9st\u0151l a szem\u00e9lyes k\u00e9pess\u00e9gek fejleszt\u00e9s\u00e9ig terjed, integr\u00e1l\u00f3dik a kiv\u00e1l\u00f3 szoci\u00e1lis szolg\u00e1ltat\u00e1sokkal. Ez a holisztikus megk\u00f6zel\u00edt\u00e9s \u00e1ll az olyan projektek, mint a <a href=\"https:\/\/haidegabriele.ro\/gyerunk-progetto-olistico-romania\/\">Gyer\u00fcnk<\/a> \u00e9s az <a href=\"https:\/\/haidegabriele.ro\/gyerunk-progetto-olistico-in-romania\/inclusione-sociale-ilboya-romania\/\">Ibolya K\u00f6zpont<\/a> \u00e1ltal megval\u00f3s\u00edtott modell k\u00f6z\u00e9ppontj\u00e1ban.<\/p>\n\n\n\n\n\nAz \u00e9let f\u00e1ja<br>\n\n\n\n\n\n\n\n<h3><span class=\"ez-toc-section\" id=\"Ertekek_Etika_Felelosseg_Szolidaritas_es_Innovacio\"><\/span>\u00c9rt\u00e9kek: Etika, Felel\u0151ss\u00e9g, Szolidarit\u00e1s \u00e9s Innov\u00e1ci\u00f3<span class=\"ez-toc-section-end\"><\/span><\/h3><br>\n\n\n\n<p>Munk\u00e1nk a k\u00f6vetkez\u0151 kulcsfontoss\u00e1g\u00fa \u00e9rt\u00e9keken alapul: <strong>etika, felel\u0151ss\u00e9g, szolidarit\u00e1s \u00e9s innov\u00e1ci\u00f3<\/strong>. Ezekhez az elvekhez val\u00f3 elk\u00f6telezetts\u00e9g\u00fcnk a <strong>Haide Gabriele k\u00fcldet\u00e9s\u00e9nek \u00e9s \u00e9rt\u00e9keinek<\/strong> szerves r\u00e9sze.<\/p>\n\n\n\n<p><strong>Felel\u0151ss\u00e9g \u00e9s \u00c1tl\u00e1that\u00f3s\u00e1g:<\/strong> Minden d\u00f6nt\u00e9s \u00e9s cselekedet szigor\u00fa etikai elvek tiszteletben tart\u00e1s\u00e1val val\u00f3sul meg, el\u0151seg\u00edtve az er\u0151forr\u00e1sok \u00e9s a szolg\u00e1ltat\u00e1sok ny\u00edlt \u00e9s felel\u0151ss\u00e9gteljes kezel\u00e9s\u00e9t.<\/p>\n\n\n\n<p><strong>Szolidarit\u00e1s \u00e9s Befogad\u00e1s:<\/strong> Meggy\u0151z\u0151d\u00e9s\u00fcnk, hogy az egys\u00e9g er\u0151; egy olyan t\u00e1mogat\u00f3 h\u00e1l\u00f3zat l\u00e9trehoz\u00e1s\u00e1n dolgozunk, amely a sokf\u00e9les\u00e9get gazdags\u00e1gg\u00e1 \u00e9s lehet\u0151s\u00e9gg\u00e9 alak\u00edtja.<\/p>\n\n\n\n<p><strong>Innov\u00e1ci\u00f3 \u00e9s Alkalmazott Kutat\u00e1s:<\/strong> Folyamatosan fektet\u00fcnk be innovat\u00edv technol\u00f3giai \u00e9s m\u00f3dszertani megold\u00e1sokba, hogy jav\u00edtsuk a szolg\u00e1ltat\u00e1sokat \u00e9s el\u0151seg\u00edts\u00fck az \u00faj, \u00e9rt\u00e9ket teremt\u0151 kezdem\u00e9nyez\u00e9sek fejleszt\u00e9s\u00e9t.<\/p>\n\n\n\n<p><strong>A Ter\u00fclet Gondoz\u00e1sa \u00e9s K\u00f6rnyezeti Fenntarthat\u00f3s\u00e1g:<\/strong> A term\u00e9szet \u00e9s a helyi \u00f6r\u00f6ks\u00e9g v\u00e9delme az az alap, amelyre minden projekt\u00fcnket \u00e9p\u00edtj\u00fck, azzal a c\u00e9llal, hogy z\u00f6ld \u00e9s ellen\u00e1ll\u00f3 j\u00f6v\u0151t biztos\u00edtsunk a k\u00f6vetkez\u0151 gener\u00e1ci\u00f3k sz\u00e1m\u00e1ra.<\/p>\n\n\n\n\n\n\n\n<h3><span class=\"ez-toc-section\" id=\"Kozos_Elkotelezettseg_a_Jovo_Epiteseert\"><\/span>K\u00f6z\u00f6s Elk\u00f6telezetts\u00e9g a J\u00f6v\u0151 \u00c9p\u00edt\u00e9s\u00e9\u00e9rt<span class=\"ez-toc-section-end\"><\/span><\/h3>\n\n\n\n <p>A Haide Gabriele Egyes\u00fclet k\u00fcldet\u00e9se minden kezdem\u00e9nyez\u00e9s\u00fcnkben megtestes\u00fcl: a multidiszciplin\u00e1ris k\u00e9pz\u00e9st\u0151l a szoci\u00e1lis szolg\u00e1ltat\u00e1sok kezel\u00e9s\u00e9ig, az \u00f6kobar\u00e1t technol\u00f3gi\u00e1k alkalmaz\u00e1s\u00e1n \u00e9s a szoci\u00e1lis befogad\u00e1si projekteken kereszt\u00fcl. Az olyan projektek, mint a <a href=\"https:\/\/haidegabriele.ro\/gyerunk-progetto-olistico-romania\/\">Gyer\u00fcnk<\/a> \u00e9s az Ibolya K\u00f6zpont, ahol olyan szolg\u00e1ltat\u00e1sokat ny\u00fajtanak, mint a hospice \u00e9s a hossz\u00fa t\u00e1v\u00fa gondoz\u00e1s, a v\u00edzi\u00f3ink megval\u00f3sul\u00e1sai, amelyek az \u00f6tleteket \u00e9s a potenci\u00e1lt konkr\u00e9t tettekk\u00e9 alak\u00edtj\u00e1k, jav\u00edtva a k\u00f6z\u00f6ss\u00e9g \u00e9let\u00e9t.<br><\/p>\n\n\n\n\n\n<p>Panaszkodsz, de mi\u00e9rt panaszkodsz? Ne nyavalyogj, vedd el\u0151 a fogaidat \u00e9s harcolj!<\/p><p><\/p><br>\n\n\n\n\n\nMegh\u00edvjuk, hogy fedezze fel, hogyan fon\u00f3dik \u00f6ssze a tev\u00e9kenys\u00e9g\u00fcnk a ter\u00fclet \u00e1talak\u00edt\u00e1s\u00e1val:<br>\n\n\n\n<<p>Ismerje meg jobban a <a href=\"https:\/\/haidegabriele.ro\/gyerunk-progetto-olistico-in-romania\/salvie-social-farm\/sostenibilita-ambientale\/\">K\u00f6rnyezeti Fenntarthat\u00f3s\u00e1gi Gyakorlatainkat,<\/a> amelyek bemutatj\u00e1k az \u00f6kobar\u00e1t technol\u00f3gi\u00e1k \u00e9s az er\u0151forr\u00e1sok felel\u0151ss\u00e9gteljes kezel\u00e9se ir\u00e1nti elk\u00f6telezetts\u00e9g\u00fcnket.<\/p>\n\n\n\n<p>Fedezze fel a <a href=\"https:\/\/haidegabriele.ro\/gyerunk-progetto-olistico-in-romania\/salvie-social-farm\/inclusione-sociale\/\">T\u00e1rsadalmi Befogad\u00e1si Kezdem\u00e9nyez\u00e9seket,<\/a> amelyek el\u0151seg\u00edtik az akt\u00edv r\u00e9szv\u00e9telt \u00e9s a legink\u00e1bb r\u00e1szorul\u00f3 emberek t\u00e1mogat\u00e1s\u00e1t.<\/p>\n\n\n\n<p>Fedezze fel a <a href=\"https:\/\/haidegabriele.ro\/gyerunk-progetto-olistico-in-romania\/la-formazione-il-cuore-pulsante-del-progetto-gyerunk\/\">K\u00e9pz\u00e9si Modellt,<\/a> amely oktat\u00e1si k\u00edn\u00e1latunk l\u00fcktet\u0151 sz\u00edve.<\/p>\n\n\n\n\n\n<p>A <strong>Haide Gabriele k\u00fcldet\u00e9se \u00e9s \u00e9rt\u00e9kei<\/strong> egy felh\u00edv\u00e1s a meg\u00fajul\u00e1s \u00e9s \u00e1talakul\u00e1s \u00fatj\u00e1n val\u00f3 r\u00e9szv\u00e9telre, ahol minden m\u00e9ly gy\u00f6k\u00e9r \u2013 alapelveink \u2013 t\u00e1mogatja a gy\u00fcm\u00f6lcs\u00f6k n\u00f6veked\u00e9s\u00e9t, amelyek a konkr\u00e9t sikereket \u00e9s a k\u00f6z\u00f6ss\u00e9gre gyakorolt pozit\u00edv hat\u00e1st jelk\u00e9pezik. Ak\u00e1rcsak a vizu\u00e1lis \u00e1br\u00e1zol\u00e1sunkban l\u00e1that\u00f3 fa, elveink biztos\u00edtj\u00e1k a sz\u00fcks\u00e9ges stabilit\u00e1st ahhoz, hogy a v\u00e1ltoz\u00e1s gy\u00fcm\u00f6lcseit egy befogad\u00f3, fenntarthat\u00f3 \u00e9s innovat\u00edv k\u00f6rnyezetben terjessz\u00fck.<\/p>\n\n\n\n<p>Csatlakozz hozz\u00e1nk ezen az \u00faton, \u00e9s \u00e9p\u00edts\u00fcnk egy\u00fctt egy olyan j\u00f6v\u0151t, ahol minden tett sz\u00e1m\u00edt.<\/p>\n\n\n\n\n\n<p><a href=\"https:\/\/www.eapcnet.eu\/\" target=\"_blank\" rel=\"noopener\">Eur\u00f3pai Palliat\u00edv Gondoz\u00e1si Egyes\u00fclet (EAPC)<\/a><\/p><br>\n\n\n\n\n\n<p><a href=\"https:\/\/enrd.ec.europa.eu\/\" target=\"_blank\" rel=\"noopener\">Eur\u00f3pai Vid\u00e9kfejleszt\u00e9si H\u00e1l\u00f3zat (ENRD)<\/a><\/p><br>\n\n\n","protected":false},"excerpt":{"rendered":"","protected":false},"author":2,"featured_media":0,"parent":0,"menu_order":4,"comment_status":"closed","ping_status":"closed","template":"","meta":{"pagelayer_contact_templates":[],"_pagelayer_content":"","footnotes":""},"class_list":["post-3363","page","type-page","status-publish","hentry"],"_links":{"self":[{"href":"https:\/\/haidegabriele.ro\/hu\/wp-json\/wp\/v2\/pages\/3363","targetHints":{"allow":["GET"]}}],"collection":[{"href":"https:\/\/haidegabriele.ro\/hu\/wp-json\/wp\/v2\/pages"}],"about":[{"href":"https:\/\/haidegabriele.ro\/hu\/wp-json\/wp\/v2\/types\/page"}],"author":[{"embeddable":true,"href":"https:\/\/haidegabriele.ro\/hu\/wp-json\/wp\/v2\/users\/2"}],"replies":[{"embeddable":true,"href":"https:\/\/haidegabriele.ro\/hu\/wp-json\/wp\/v2\/comments?post=3363"}],"version-history":[{"count":6,"href":"https:\/\/haidegabriele.ro\/hu\/wp-json\/wp\/v2\/pages\/3363\/revisions"}],"predecessor-version":[{"id":3385,"href":"https:\/\/haidegabriele.ro\/hu\/wp-json\/wp\/v2\/pages\/3363\/revisions\/3385"}],"wp:attachment":[{"href":"https:\/\/haidegabriele.ro\/hu\/wp-json\/wp\/v2\/media?parent=3363"}],"curies":[{"name":"wp","href":"https:\/\/api.w.org\/{rel}","templated":true}]}}