{"id":3388,"date":"2025-02-03T21:54:58","date_gmt":"2025-02-03T21:54:58","guid":{"rendered":"https:\/\/haidegabriele.ro\/istoria-noastra\/"},"modified":"2025-08-09T15:11:50","modified_gmt":"2025-08-09T15:11:50","slug":"istoria-noastra","status":"publish","type":"page","link":"https:\/\/haidegabriele.ro\/ro\/istoria-noastra\/","title":{"rendered":"Istoria noastr\u0103"},"content":{"rendered":"\n\n\n<div id=\"ez-toc-container\" class=\"ez-toc-v2_0_82_2 counter-hierarchy ez-toc-counter ez-toc-grey ez-toc-container-direction\">\n<div class=\"ez-toc-title-container\">\n<p class=\"ez-toc-title\" style=\"cursor:inherit\">Table of Contents<\/p>\n<span class=\"ez-toc-title-toggle\"><a href=\"#\" class=\"ez-toc-pull-right ez-toc-btn ez-toc-btn-xs ez-toc-btn-default ez-toc-toggle\" aria-label=\"Toggle Table of Content\"><span class=\"ez-toc-js-icon-con\"><span class=\"\"><span class=\"eztoc-hide\" style=\"display:none;\">Toggle<\/span><span class=\"ez-toc-icon-toggle-span\"><svg style=\"fill: #999;color:#999\" xmlns=\"http:\/\/www.w3.org\/2000\/svg\" class=\"list-377408\" width=\"20px\" height=\"20px\" viewBox=\"0 0 24 24\" fill=\"none\"><path d=\"M6 6H4v2h2V6zm14 0H8v2h12V6zM4 11h2v2H4v-2zm16 0H8v2h12v-2zM4 16h2v2H4v-2zm16 0H8v2h12v-2z\" fill=\"currentColor\"><\/path><\/svg><svg style=\"fill: #999;color:#999\" class=\"arrow-unsorted-368013\" xmlns=\"http:\/\/www.w3.org\/2000\/svg\" width=\"10px\" height=\"10px\" viewBox=\"0 0 24 24\" version=\"1.2\" baseProfile=\"tiny\"><path d=\"M18.2 9.3l-6.2-6.3-6.2 6.3c-.2.2-.3.4-.3.7s.1.5.3.7c.2.2.4.3.7.3h11c.3 0 .5-.1.7-.3.2-.2.3-.5.3-.7s-.1-.5-.3-.7zM5.8 14.7l6.2 6.3 6.2-6.3c.2-.2.3-.5.3-.7s-.1-.5-.3-.7c-.2-.2-.4-.3-.7-.3h-11c-.3 0-.5.1-.7.3-.2.2-.3.5-.3.7s.1.5.3.7z\"\/><\/svg><\/span><\/span><\/span><\/a><\/span><\/div>\n<nav><ul class='ez-toc-list ez-toc-list-level-1 ' ><ul class='ez-toc-list-level-5' ><li class='ez-toc-heading-level-5'><ul class='ez-toc-list-level-5' ><li class='ez-toc-heading-level-5'><ul class='ez-toc-list-level-5' ><li class='ez-toc-heading-level-5'><a class=\"ez-toc-link ez-toc-heading-1\" href=\"https:\/\/haidegabriele.ro\/ro\/istoria-noastra\/#Despre_noi\" >Despre noi<\/a><\/li><\/ul><\/li><\/ul><\/li><\/ul><\/li><li class='ez-toc-page-1 ez-toc-heading-level-2'><a class=\"ez-toc-link ez-toc-heading-2\" href=\"https:\/\/haidegabriele.ro\/ro\/istoria-noastra\/#Povestea_incepe_aici\" >Povestea \u00eencepe aici<\/a><\/li><li class='ez-toc-page-1 ez-toc-heading-level-2'><a class=\"ez-toc-link ez-toc-heading-3\" href=\"https:\/\/haidegabriele.ro\/ro\/istoria-noastra\/#De_la_Lacrimi_la_Forta\" >De la Lacrimi la For\u021b\u0103<\/a><ul class='ez-toc-list-level-5' ><li class='ez-toc-heading-level-5'><ul class='ez-toc-list-level-5' ><li class='ez-toc-heading-level-5'><ul class='ez-toc-list-level-5' ><li class='ez-toc-heading-level-5'><a class=\"ez-toc-link ez-toc-heading-4\" href=\"https:\/\/haidegabriele.ro\/ro\/istoria-noastra\/#Proiectul_Gyerunk\" >Proiectul Gyer\u00fcnk<\/a><\/li><\/ul><\/li><\/ul><\/li><li class='ez-toc-page-1 ez-toc-heading-level-3'><a class=\"ez-toc-link ez-toc-heading-5\" href=\"https:\/\/haidegabriele.ro\/ro\/istoria-noastra\/#Radacinile_Copacului_Nostru_Colectiv\" >R\u0103d\u0103cinile Copacului Nostru Colectiv<\/a><\/li><li class='ez-toc-page-1 ez-toc-heading-level-3'><a class=\"ez-toc-link ez-toc-heading-6\" href=\"https:\/\/haidegabriele.ro\/ro\/istoria-noastra\/#Privind_spre_Viitor\" >Privind spre Viitor<\/a><\/li><li class='ez-toc-page-1 ez-toc-heading-level-3'><a class=\"ez-toc-link ez-toc-heading-7\" href=\"https:\/\/haidegabriele.ro\/ro\/istoria-noastra\/#O_Invitatie_de_a_Construi_Impreuna\" >O Invita\u021bie de a Construi \u00cempreun\u0103<\/a><\/li><\/ul><\/li><\/ul><\/nav><\/div>\n<h5><span class=\"ez-toc-section\" id=\"Despre_noi\"><\/span>Despre noi<span class=\"ez-toc-section-end\"><\/span><\/h5>\n\n\n\n<h2><span class=\"ez-toc-section\" id=\"Povestea_incepe_aici\"><\/span><span id=\"bppb-heading-anchor-1\"><\/span>Povestea \u00eencepe aici<span class=\"ez-toc-section-end\"><\/span><\/h2>\n\n\n\n<p>A\u0219a cum o suferin\u021b\u0103 poate scoate la iveal\u0103 o for\u021b\u0103 nea\u0219teptat\u0103, la fel \u0219i boala lui Gabriele a dat startul unei schimb\u0103ri radicale. Acea suferin\u021b\u0103 personal\u0103, care ar fi putut marca un sf\u00e2r\u0219it, a devenit motorul unei asocia\u021bii n\u0103scute pentru demnitate \u0219i incluziune. \u00cen loc s\u0103 v\u0103d boala ca pe o limit\u0103, am ales s\u0103 transform acea durere \u00eentr-o for\u021b\u0103 pozitiv\u0103, o surs\u0103 de inspira\u021bie pentru a le oferi celor care tr\u0103iesc \u00een situa\u021bii similare posibilitatea de a-\u0219i redescoperi demnitatea \u0219i voca\u021bia.<\/p>\n\n\n\n<p><strong>Istoria Asocia\u021biei Haide Gabriele<\/strong> reprezint\u0103 o lupt\u0103 pentru emancipare, ar\u0103t\u00e2nd cum rezilien\u021ba poate transforma adversit\u0103\u021bile \u00een oportunit\u0103\u021bi. Asocia\u021bia s-a n\u0103scut pentru a oferi un loc care nu se concentreaz\u0103 pe condi\u021bia sau eticheta de \u201epersoan\u0103 cu dizabilit\u0103\u021bi\u201d sau \u201ebolnav\u201d, ci pune \u00een centrul aten\u021biei persoana, cu poten\u021bialul, demnitatea \u0219i dreptul s\u0103u la o via\u021b\u0103 \u00eemplinit\u0103.<\/p>\n\n\n\n\n\n<p>Lorem Ipsum has been the industry&#8217;s standard dummy text ever since the 1500s.<\/p><br>\n\n\n\n<h2><span class=\"ez-toc-section\" id=\"De_la_Lacrimi_la_Forta\"><\/span><span id=\"bppb-heading-anchor-2\"><\/span>De la Lacrimi la For\u021b\u0103<span class=\"ez-toc-section-end\"><\/span><\/h2>\n\n\n\n<p>Parcursul a \u00eenceput cu con\u0219tientizarea faptului c\u0103 fiecare experien\u021b\u0103, oric\u00e2t de dureroas\u0103, con\u021bine \u00een sine s\u0103m\u00e2n\u021ba transform\u0103rii. Experien\u021ba care a marcat <strong>istoria Asocia\u021biei Haide Gabriele<\/strong> a alimentat dorin\u021ba de a crea un mediu \u00een care suferin\u021ba s\u0103 nu devin\u0103 stigmatizare, ci un punct de plecare pentru o rena\u0219tere personal\u0103 \u0219i colectiv\u0103. Dificult\u0103\u021bile au fost reinterpretate ca oportunit\u0103\u021bi de cre\u0219tere, speran\u021b\u0103 \u0219i schimbare.<\/p>\n\n\n\n\n\n<h5><span class=\"ez-toc-section\" id=\"Proiectul_Gyerunk\"><\/span>Proiectul Gyer\u00fcnk<span class=\"ez-toc-section-end\"><\/span><\/h5>\n\n\n\n<h3><span id=\"bppb-heading-anchor-3\"><\/span><\/h3><br>\n\n\n\n<p>Povestea noastr\u0103 s-a n\u0103scut din acea suferin\u021b\u0103 comun\u0103, din acel moment \u00een care am decis s\u0103 transform\u0103m durerea \u00eentr-o oportunitate. Proiectele noastre, precum Centrul Ibolya \u0219i Gyer\u00fcnk, reflect\u0103 aceast\u0103 viziune. Viziunea noastr\u0103 este de a crea un mediu \u00een care formarea, serviciile sociale \u0219i inova\u021bia se unesc pentru a oferi:<\/p>\n\n\n\n<p><strong>Programe de formare multidisciplinare<\/strong>, \u00een care fiecare persoan\u0103 \u00ee\u0219i poate dezvolta poten\u021bialul printr-o \u00eenv\u0103\u021bare de tip \u201elearning by doing\u201d \u0219i un schimb continuu de competen\u021be.<\/p>\n\n\n\n<p><strong>Servicii sociale integrate<\/strong> la Centrul Ibolya, unde hospice-ul \u0219i programele de \u00cengrijire pe Termen Lung (LTC) ofer\u0103 un sprijin de asisten\u021b\u0103 care nu eticheteaz\u0103, ci prime\u0219te \u0219i valorific\u0103 persoana \u00een \u00eentregul s\u0103u.<\/p>\n\n\n\n<p><strong>Inova\u021bie \u0219i sustenabilitate ambiental\u0103 \u0219i teritorial\u0103<\/strong>, care ne ghideaz\u0103 \u00een alegerea metodelor ecologice \u0219i a tehnologiilor avansate, cu scopul de a valorifica resursele naturale \u0219i culturale ale teritoriului nostru.<\/p>\n\n\n\n\n\n<h3><span class=\"ez-toc-section\" id=\"Radacinile_Copacului_Nostru_Colectiv\"><\/span><span id=\"bppb-heading-anchor-4\"><\/span>R\u0103d\u0103cinile Copacului Nostru Colectiv<span class=\"ez-toc-section-end\"><\/span><\/h3>\n\n\n\n<p>Vrem s\u0103 ne imagin\u0103m povestea ca pe un copac a c\u0103rui cre\u0219tere este alimentat\u0103 de valori comune:<\/p>\n\n\n\n<p><strong>R\u0103d\u0103cinile noastre<\/strong> sunt formate din responsabilitate, solidaritate, incluziune, inova\u021bie \u0219i respect pentru teritoriu. Aceste valori, n\u0103scute din durere \u0219i din dorin\u021ba de a oferi demnitate celor care sufer\u0103, constituie fundamentul pe care se bazeaz\u0103 fiecare ac\u021biune a noastr\u0103.<\/p>\n\n\n\n<p><strong><font style=\"vertical-align: inherit;\"><font style=\"vertical-align: inherit;\">Ramurile noastre<\/font><\/font><\/strong><font style=\"vertical-align: inherit;\"><font style=\"vertical-align: inherit;\"> se extind prin ini\u021biativele pe care le proiect\u0103m: programe de formare, proiecte de asisten\u021b\u0103 \u0219i servicii integrate care \u00eemp\u0103rt\u0103\u0219esc viziunea noastr\u0103 pentru un viitor \u00een care fiecare se poate exprima \u0219i dezvolta.<\/font><\/font><\/p>\n\n\n\n<p><strong>Fructele<\/strong> reprezint\u0103 rezultatele concrete pe care ni le dorim: o comunitate consolidat\u0103, oameni care \u0219i-au reg\u0103sit speran\u021ba, noi oportunit\u0103\u021bi de angajare \u0219i un impact pozitiv \u0219i de durat\u0103 asupra teritoriului.<\/p>\n\n\n\n\n\n<h3><span class=\"ez-toc-section\" id=\"Privind_spre_Viitor\"><\/span><span id=\"bppb-heading-anchor-5\"><\/span>Privind spre Viitor<span class=\"ez-toc-section-end\"><\/span><\/h3>\n\n\n\n<p>\u00cen viitorul nostru, <strong>istoria Asocia\u021biei Haide Gabriele<\/strong> va continua, iar experien\u021ba durerii va deveni for\u021ba transformatoare care ne va ghida c\u0103tre un viitor mai bun:<\/p>\n\n\n\n<p><strong>Formarea Va Transforma Experien\u021bele:<\/strong> Programele educa\u021bionale vor fi mijlocul prin care ne vom \u00eencuraja s\u0103 cre\u0219tem personal \u0219i profesional, preg\u0103tindu-ne pentru un viitor \u00een care provoc\u0103rile vor deveni trambuline pentru schimbare.<\/p>\n\n\n\n<p><strong>Serviciile Sociale Vor Garanta \u00cengrijirea \u0219i Incluziunea:<\/strong> Centrul Ibolya va oferi un model de asisten\u021b\u0103 care va plasa persoana \u00een centrul aten\u021biei, asigur\u00e2nd sprijin \u0219i demnitate celor care au nevoie.<\/p>\n\n\n\n<p><strong>Inova\u021bia \u0219i Sustenabilitatea Vor Construi un Teritoriu Egal cu un Viitor Verde \u0219i Rezilient:<\/strong> Prin integrarea tradi\u021biei \u0219i tehnologiei, proiectul nostru va deveni un laborator pentru dezvoltarea durabil\u0103, capabil s\u0103 r\u0103spund\u0103 provoc\u0103rilor de mediu \u0219i economice.<\/p>\n\n\n\n\n\n Am visat s\u0103 g\u0103sesc un spital \u00een afara zonei \u00een care un om, chiar \u0219i bolnav, r\u0103m\u00e2ne \u00eentotdeauna o persoan\u0103.\n\n\n\n\n\n<p>Lorem Ipsum has been the industry&#8217;s standard dummy text ever since the 1500s.<\/p><br>\n\n\n\n\n\n<h3><span class=\"ez-toc-section\" id=\"O_Invitatie_de_a_Construi_Impreuna\"><\/span><span id=\"bppb-heading-anchor-6\"><\/span>O Invita\u021bie de a Construi \u00cempreun\u0103<span class=\"ez-toc-section-end\"><\/span><\/h3>\n\n\n\n<p>Povestea noastr\u0103 este un drum pe care v\u0103 invit\u0103m pe to\u021bi s\u0103-l parcurge\u021bi al\u0103turi de noi. Fiecare contribu\u021bie, fie c\u0103 este o idee, o competen\u021b\u0103 sau un sprijin financiar, este pre\u021bioas\u0103 pentru a duce mai departe acest proiect. Afla\u021bi mai multe despre diferitele aspecte ale parcursului nostru:<\/p>\n\n\n\n<p>Aprofunda\u021bi <a href=\"https:\/\/haidegabriele.ro\/gyerunk-progetto-olistico-in-romania\/salvie-social-farm\/sostenibilita-ambientale\/\">Practicile noastre de Sustenabilitate Ambiental\u0103<\/a> \u0219i \u00een\u021belege\u021bi cum valorific\u0103m teritoriul.<\/p>\n\n\n\n<p>Descoperi\u021bi <a href=\"https:\/\/haidegabriele.ro\/gyerunk-progetto-olistico-in-romania\/salvie-social-farm\/inclusione-sociale\/\">Ini\u021biativele de Incluziune Social\u0103<\/a> care plaseaz\u0103 persoana \u00een centrul aten\u021biei \u0219i d\u0103r\u00e2m\u0103 barierele.<\/p>\n\n\n\n<p>Aprofunda\u021bi <a href=\"https:\/\/haidegabriele.ro\/gyerunk-progetto-olistico-in-romania\/la-formazione-il-cuore-pulsante-del-progetto-gyerunk\/\">Modelul nostru de Formare<\/a>, inima pulsant\u0103 care transform\u0103 experien\u021bele \u0219i competen\u021bele \u00een instrumente de emancipare.<\/p>\n\n\n\n\n\n<font style=\"vertical-align: inherit;\"><font style=\"vertical-align: inherit;\"><a href=\"https:\/\/www.un.org\/development\/desa\/disabilities\/convention-on-the-rights-of-persons-with-disabilities.html\" target=\"_blank\" rel=\"noopener\"> Conven\u021bia Na\u021biunilor Unite privind drepturile persoanelor cu dizabilit\u0103\u021bi (CRPD): <\/a><\/font><\/font>\n\n\n\n<font style=\"vertical-align: inherit;\"><font style=\"vertical-align: inherit;\"><font style=\"vertical-align: inherit;\"><font style=\"vertical-align: inherit;\"><a href=\"http:\/\/www.coface-eu.org\/it\/\" target=\"_blank\" rel=\"noopener\"><font style=\"vertical-align: inherit;\"><font style=\"vertical-align: inherit;\">Carta european\u0103 a \u00eengrijitorului familial<\/font><\/font><\/a><\/font><\/font><\/font><\/font>\n\n\n\n\n\n<p><font style=\"vertical-align: inherit;\"><font style=\"vertical-align: inherit;\">Povestea noastr\u0103 porne\u0219te de la o suferin\u021b\u0103 comun\u0103, dar se \u00eenal\u021b\u0103 datorit\u0103 voin\u021bei noastre colective de a o transforma \u00een demnitate \u0219i speran\u021b\u0103. Asocia\u021bia Haide Gabriele \u0219i Proiectul Gyer\u00fcnk sunt simbolul unui angajament care prive\u0219te spre viitor cu determinare: un viitor \u00een care formarea, serviciile sociale \u0219i inova\u021bia ecologic\u0103 lucreaz\u0103 \u00eempreun\u0103 pentru a crea o comunitate incluziv\u0103 \u0219i rezilient\u0103.<\/font><\/font><\/p>\n\n\n\n<p>Al\u0103tur\u0103-te nou\u0103 \u00een acest drum al transform\u0103rii. \u00cempreun\u0103, putem scrie o poveste de rena\u0219tere \u0219i construi un viitor \u00een care fiecare persoan\u0103, indiferent de dificult\u0103\u021bi, s\u0103 aib\u0103 posibilitatea de a-\u0219i exprima pe deplin demnitatea \u0219i poten\u021bialul.<\/p>\n\n\n\n<p><strong>Istoria Asocia\u021biei Haide Gabriele<\/strong> este o poveste de speran\u021b\u0103 \u0219i determinare. Fiecare pas pe care l-am f\u0103cut este o m\u0103rturie a modului \u00een care durerea poate fi transformat\u0103 \u00een oportunitate, cre\u00e2nd o re\u021bea de sprijin care inspir\u0103 noi proiecte. <\/p><p><\/p>\n\n\n\n<p>Drumul nostru de cre\u0219tere ne-a \u00eenv\u0103\u021bat valoarea experien\u021belor comune \u0219i cum munca \u00een echip\u0103 poate aduce rezultate extraordinare. \u00cempreun\u0103, scriem capitol dup\u0103 capitol din istoria acestei asocia\u021bii, cu pasiune \u0219i d\u0103ruire, iar fiecare rod al muncii noastre este o reflectare a unui angajament colectiv pentru o societate mai dreapt\u0103 \u0219i mai incluziv\u0103. <p>\n\n\n\n<p>Te invit\u0103m s\u0103 ni te al\u0103turi \u00een aceast\u0103 c\u0103l\u0103torie, pentru a descoperi originile noastre \u0219i a contribui la un viitor mai bun.<p>\n\n\n","protected":false},"excerpt":{"rendered":"","protected":false},"author":2,"featured_media":0,"parent":0,"menu_order":3,"comment_status":"closed","ping_status":"closed","template":"","meta":{"pagelayer_contact_templates":[],"_pagelayer_content":"","footnotes":""},"class_list":["post-3388","page","type-page","status-publish","hentry"],"_links":{"self":[{"href":"https:\/\/haidegabriele.ro\/ro\/wp-json\/wp\/v2\/pages\/3388","targetHints":{"allow":["GET"]}}],"collection":[{"href":"https:\/\/haidegabriele.ro\/ro\/wp-json\/wp\/v2\/pages"}],"about":[{"href":"https:\/\/haidegabriele.ro\/ro\/wp-json\/wp\/v2\/types\/page"}],"author":[{"embeddable":true,"href":"https:\/\/haidegabriele.ro\/ro\/wp-json\/wp\/v2\/users\/2"}],"replies":[{"embeddable":true,"href":"https:\/\/haidegabriele.ro\/ro\/wp-json\/wp\/v2\/comments?post=3388"}],"version-history":[{"count":1,"href":"https:\/\/haidegabriele.ro\/ro\/wp-json\/wp\/v2\/pages\/3388\/revisions"}],"predecessor-version":[{"id":3389,"href":"https:\/\/haidegabriele.ro\/ro\/wp-json\/wp\/v2\/pages\/3388\/revisions\/3389"}],"wp:attachment":[{"href":"https:\/\/haidegabriele.ro\/ro\/wp-json\/wp\/v2\/media?parent=3388"}],"curies":[{"name":"wp","href":"https:\/\/api.w.org\/{rel}","templated":true}]}}